{"id":268,"date":"2022-03-26T08:13:30","date_gmt":"2022-03-26T08:13:30","guid":{"rendered":"http:\/\/themes.tielabs.com\/sahifa5\/?page_id=268"},"modified":"2022-06-26T15:27:40","modified_gmt":"2022-06-26T15:27:40","slug":"elecciones-2022","status":"publish","type":"page","link":"https:\/\/revistacongresodigital.com\/?page_id=268","title":{"rendered":"ELECCIONES 2022"},"content":{"rendered":"\t\t<div data-elementor-type=\"wp-page\" data-elementor-id=\"268\" class=\"elementor elementor-268\">\n\t\t\t\t\t\t<section class=\"elementor-section elementor-top-section elementor-element elementor-element-45a0883 elementor-section-boxed elementor-section-height-default elementor-section-height-default\" data-id=\"45a0883\" data-element_type=\"section\" data-e-type=\"section\">\n\t\t\t\t\t\t<div class=\"elementor-container elementor-column-gap-default\">\n\t\t\t\t\t<div class=\"elementor-column elementor-col-100 elementor-top-column elementor-element elementor-element-ca51fa9\" data-id=\"ca51fa9\" data-element_type=\"column\" data-e-type=\"column\">\n\t\t\t<div class=\"elementor-widget-wrap elementor-element-populated\">\n\t\t\t\t\t\t<div class=\"elementor-element elementor-element-47fae99 elementor-widget elementor-widget-heading\" data-id=\"47fae99\" data-element_type=\"widget\" data-e-type=\"widget\" data-widget_type=\"heading.default\">\n\t\t\t\t<div class=\"elementor-widget-container\">\n\t\t\t\t\t<h1 class=\"elementor-heading-title elementor-size-xxl\">COLOMBIA DECIDE, EL PROXIMO 19 DE JUNIO<\/h1>\t\t\t\t<\/div>\n\t\t\t\t<\/div>\n\t\t\t\t\t<\/div>\n\t\t<\/div>\n\t\t\t\t\t<\/div>\n\t\t<\/section>\n\t\t\t\t<section class=\"elementor-section elementor-top-section elementor-element elementor-element-53b8e9e elementor-section-boxed elementor-section-height-default elementor-section-height-default\" data-id=\"53b8e9e\" data-element_type=\"section\" data-e-type=\"section\">\n\t\t\t\t\t\t<div class=\"elementor-container elementor-column-gap-default\">\n\t\t\t\t\t<div class=\"elementor-column elementor-col-100 elementor-top-column elementor-element elementor-element-80b689a\" data-id=\"80b689a\" data-element_type=\"column\" data-e-type=\"column\">\n\t\t\t<div class=\"elementor-widget-wrap elementor-element-populated\">\n\t\t\t\t\t\t<div class=\"elementor-element elementor-element-76cb394 elementor-widget elementor-widget-spacer\" data-id=\"76cb394\" data-element_type=\"widget\" data-e-type=\"widget\" data-widget_type=\"spacer.default\">\n\t\t\t\t<div class=\"elementor-widget-container\">\n\t\t\t\t\t\t\t<div class=\"elementor-spacer\">\n\t\t\t<div class=\"elementor-spacer-inner\"><\/div>\n\t\t<\/div>\n\t\t\t\t\t\t<\/div>\n\t\t\t\t<\/div>\n\t\t\t\t\t<\/div>\n\t\t<\/div>\n\t\t\t\t\t<\/div>\n\t\t<\/section>\n\t\t\t\t<section class=\"elementor-section elementor-top-section elementor-element elementor-element-6bdac30 elementor-section-boxed elementor-section-height-default elementor-section-height-default\" data-id=\"6bdac30\" data-element_type=\"section\" data-e-type=\"section\">\n\t\t\t\t\t\t<div class=\"elementor-container elementor-column-gap-default\">\n\t\t\t\t\t<div class=\"elementor-column elementor-col-100 elementor-top-column elementor-element elementor-element-9316086\" data-id=\"9316086\" data-element_type=\"column\" data-e-type=\"column\">\n\t\t\t<div class=\"elementor-widget-wrap elementor-element-populated\">\n\t\t\t\t\t\t<div class=\"elementor-element elementor-element-a546ccb elementor-widget elementor-widget-text-editor\" data-id=\"a546ccb\" data-element_type=\"widget\" data-e-type=\"widget\" data-widget_type=\"text-editor.default\">\n\t\t\t\t<div class=\"elementor-widget-container\">\n\t\t\t\t\t\t\t\t\t<div class=\"bbc-19j92fr e57qer20\" dir=\"ltr\">\n<h5 class=\"bbc-bm53ic e1cc2ql70\" dir=\"ltr\"><b>Todas las elecciones son hist\u00f3ricas<\/b><b>. <\/b><b>Todas las elecciones buscan un cambio.<\/b><\/h5>\n<\/div>\n<div class=\"bbc-19j92fr e57qer20\" dir=\"ltr\">\n<p class=\"bbc-bm53ic e1cc2ql70\" dir=\"ltr\">Lo que vivir\u00e1 Colombia el pr\u00f3ximo\u00a0 domingo 19 de junio, en las elecciones\u00a0 presidenciales promete ser hist\u00f3rico, por la dimensi\u00f3n del cambio que puede significar. Todos los candidatos, proponen un cambio; sea este moderado, profundo o conservador. Pero lo que todos buscan es generar un cambio.<\/p>\n<\/div>\n<div class=\"bbc-19j92fr e57qer20\" dir=\"ltr\">\n<p class=\"bbc-bm53ic e1cc2ql70\" dir=\"ltr\">M\u00e1s del 85% de los colombianos piensan, seg\u00fan la encuesta Invamer, que el pa\u00eds va por mal camino. <b>Desde los a\u00f1os 90, el momento m\u00e1s agudo del conflicto armado, no se reportaban n\u00fameros de pesimismo tan altos<\/b>.<\/p>\n<\/div>\n<p dir=\"ltr\">Pero esperamos\u00a0 que este nuevo gobierno traiga el cambio que el pa\u00eds necesita para mejorar en todos lo campos\u00a0<\/p>\t\t\t\t\t\t\t\t<\/div>\n\t\t\t\t<\/div>\n\t\t\t\t\t<\/div>\n\t\t<\/div>\n\t\t\t\t\t<\/div>\n\t\t<\/section>\n\t\t\t\t<section class=\"elementor-section elementor-top-section elementor-element elementor-element-c7574f4 elementor-section-boxed elementor-section-height-default elementor-section-height-default\" data-id=\"c7574f4\" data-element_type=\"section\" data-e-type=\"section\">\n\t\t\t\t\t\t<div class=\"elementor-container elementor-column-gap-default\">\n\t\t\t\t\t<div class=\"elementor-column elementor-col-100 elementor-top-column elementor-element elementor-element-5846c2f\" data-id=\"5846c2f\" data-element_type=\"column\" data-e-type=\"column\">\n\t\t\t<div class=\"elementor-widget-wrap elementor-element-populated\">\n\t\t\t\t\t\t<div class=\"elementor-element elementor-element-b65aa05 elementor-widget elementor-widget-heading\" data-id=\"b65aa05\" data-element_type=\"widget\" data-e-type=\"widget\" data-widget_type=\"heading.default\">\n\t\t\t\t<div class=\"elementor-widget-container\">\n\t\t\t\t\t<h2 class=\"elementor-heading-title elementor-size-default\">LOS DOS CANDIDATOS PRESIDENCIALES PARA LA SEGUNDA VUELTA<\/h2>\t\t\t\t<\/div>\n\t\t\t\t<\/div>\n\t\t\t\t<div class=\"elementor-element elementor-element-b524159 elementor-widget elementor-widget-spacer\" data-id=\"b524159\" data-element_type=\"widget\" data-e-type=\"widget\" data-widget_type=\"spacer.default\">\n\t\t\t\t<div class=\"elementor-widget-container\">\n\t\t\t\t\t\t\t<div class=\"elementor-spacer\">\n\t\t\t<div class=\"elementor-spacer-inner\"><\/div>\n\t\t<\/div>\n\t\t\t\t\t\t<\/div>\n\t\t\t\t<\/div>\n\t\t\t\t\t<\/div>\n\t\t<\/div>\n\t\t\t\t\t<\/div>\n\t\t<\/section>\n\t\t\t\t<section class=\"elementor-section elementor-top-section elementor-element elementor-element-2d1da26 elementor-section-boxed elementor-section-height-default elementor-section-height-default\" data-id=\"2d1da26\" data-element_type=\"section\" data-e-type=\"section\">\n\t\t\t\t\t\t<div class=\"elementor-container elementor-column-gap-default\">\n\t\t\t\t\t<div class=\"elementor-column elementor-col-50 elementor-top-column elementor-element elementor-element-dc365a4\" data-id=\"dc365a4\" data-element_type=\"column\" data-e-type=\"column\">\n\t\t\t<div class=\"elementor-widget-wrap elementor-element-populated\">\n\t\t\t\t\t\t<div class=\"elementor-element elementor-element-d520f0c elementor-widget elementor-widget-image\" data-id=\"d520f0c\" data-element_type=\"widget\" data-e-type=\"widget\" data-widget_type=\"image.default\">\n\t\t\t\t<div class=\"elementor-widget-container\">\n\t\t\t\t\t\t\t\t\t\t\t\t<figure class=\"wp-caption\">\n\t\t\t\t\t\t\t\t\t\t<img fetchpriority=\"high\" decoding=\"async\" width=\"300\" height=\"217\" src=\"https:\/\/revistacongresodigital.com\/wp-content\/uploads\/2022\/04\/whatsapp-image-2022-03-23-at-11-26-25_39681736_20220323112808-300x217.jpg\" class=\"attachment-medium size-medium wp-image-1025\" alt=\"\" srcset=\"https:\/\/revistacongresodigital.com\/wp-content\/uploads\/2022\/04\/whatsapp-image-2022-03-23-at-11-26-25_39681736_20220323112808-300x217.jpg 300w, https:\/\/revistacongresodigital.com\/wp-content\/uploads\/2022\/04\/whatsapp-image-2022-03-23-at-11-26-25_39681736_20220323112808-768x556.jpg 768w, https:\/\/revistacongresodigital.com\/wp-content\/uploads\/2022\/04\/whatsapp-image-2022-03-23-at-11-26-25_39681736_20220323112808.jpg 780w\" sizes=\"(max-width: 300px) 100vw, 300px\" \/>\t\t\t\t\t\t\t\t\t\t\t<figcaption class=\"widget-image-caption wp-caption-text\">FORMULA PRESIDENCIAL DEL PACTO HISTORICO<\/figcaption>\n\t\t\t\t\t\t\t\t\t\t<\/figure>\n\t\t\t\t\t\t\t\t\t<\/div>\n\t\t\t\t<\/div>\n\t\t\t\t<div class=\"elementor-element elementor-element-efa4837 elementor-widget elementor-widget-text-editor\" data-id=\"efa4837\" data-element_type=\"widget\" data-e-type=\"widget\" data-widget_type=\"text-editor.default\">\n\t\t\t\t<div class=\"elementor-widget-container\">\n\t\t\t\t\t\t\t\t\t<h4 style=\"text-align: center;\"><strong>EDUCACION<\/strong><\/h4>\n<ul class=\"party-content__list\">\n<li>Acceso universal y gratuito a la atenci\u00f3n integral de la\u00a0<strong class=\"highlight--bold\">primera infancia<\/strong>\u00a0(0 a 6 a\u00f1os)<\/li>\n<li>Garantizar el\u00a0<strong class=\"highlight--bold\">acceso y permanencia<\/strong>\u00a0en el sistema educativo a trav\u00e9s de la b\u00fasqueda activa de la poblaci\u00f3n desescolarizada<\/li>\n<li>Garantizar transporte, apoyo a las familias y extensi\u00f3n de la jornada educativa<\/li>\n<li>Garantizar el acceso de j\u00f3venes a la\u00a0<strong class=\"highlight--bold\">educaci\u00f3n p\u00fablica<\/strong>, gratuita y de calidad a nivel tecnol\u00f3gico y universitario<\/li>\n<li>Liberar de las deudas a todos los usuarios del sistema de pr\u00e9stamos educativos\u00a0<strong class=\"highlight--bold\">ICETEX<\/strong><\/li>\n<\/ul>\n<h4 style=\"text-align: center;\"><strong>SALUD<\/strong><\/h4>\n<ul class=\"party-content__list\">\n<li>Establecer un\u00a0<strong class=\"highlight--bold\">sistema \u00fanico, p\u00fablico y universal<\/strong>\u00a0que no dependa de la capacidad de pago<\/li>\n<li>Financiar el sistema con impuestos progresivos y cotizaciones equitativas<\/li>\n<li>Enfocarse en la\u00a0<strong class=\"highlight--bold\">salud preventiva<\/strong>\u00a0e intercultural<\/li>\n<li>Crear Consejos Territoriales de Salud, que sean la base para crear redes de servicios de salud, con enfoque territorial<\/li>\n<li>Garantizar el acceso a medicamentos esenciales, fomentando la reindustralizaci\u00f3n del\u00a0<strong class=\"highlight--bold\">sector farmac\u00e9utico<\/strong><\/li>\n<li>Impulsar una agenda internacional para hacer efectivas las flexibilidades sobre los derechos de propiedad intelectual sobre medicamentos<\/li>\n<li>Adelantar un plan nacional de prevenci\u00f3n del\u00a0<strong class=\"highlight--bold\">embarazo adolescente<\/strong><\/li>\n<li>Brindar acceso efectivo y diferencial a m\u00e9todos anticonceptivos y procedimientos claves para una higiene menstrual digna<\/li>\n<li>Acatar la decisi\u00f3n de la Corte Constitucional de despenalizar el\u00a0<strong class=\"highlight--bold\">aborto<\/strong><\/li>\n<\/ul>\t\t\t\t\t\t\t\t<\/div>\n\t\t\t\t<\/div>\n\t\t\t\t\t<\/div>\n\t\t<\/div>\n\t\t\t\t<div class=\"elementor-column elementor-col-50 elementor-top-column elementor-element elementor-element-e06c882\" data-id=\"e06c882\" data-element_type=\"column\" data-e-type=\"column\">\n\t\t\t<div class=\"elementor-widget-wrap elementor-element-populated\">\n\t\t\t\t\t\t<div class=\"elementor-element elementor-element-9dee3f9 elementor-widget elementor-widget-text-editor\" data-id=\"9dee3f9\" data-element_type=\"widget\" data-e-type=\"widget\" data-widget_type=\"text-editor.default\">\n\t\t\t\t<div class=\"elementor-widget-container\">\n\t\t\t\t\t\t\t\t\t<h4 style=\"text-align: center;\"><strong>SEGURIDAD Y CONFLICTO<\/strong><\/h4>\n<ul class=\"party-content__list\">\n<li>Reforma progresiva de las\u00a0<strong class=\"highlight--bold\">fuerzas armadas<\/strong>, respondiendo a la terminaci\u00f3n del conflicto armado<\/li>\n<li>El servicio militar dejar\u00e1 de ser obligatorio<\/li>\n<li>Reubicar a la\u00a0<strong class=\"highlight--bold\">polic\u00eda nacional<\/strong>\u00a0bajo el Ministerio de Interior o de Justicia<\/li>\n<li>Desmontar el escuadr\u00f3n antidisturbios ESMAD<\/li>\n<li>Pol\u00edticas de protecci\u00f3n a l\u00edderes sociales<\/li>\n<li>Instaurar la justicia restaurativa y convertir a la\u00a0<strong class=\"highlight--bold\">c\u00e1rcel<\/strong>\u00a0en espacio de resocializaci\u00f3n<\/li>\n<li>Garantizar los recursos necesarios para la atenci\u00f3n y reparaci\u00f3n a las\u00a0<strong class=\"highlight--bold\">v\u00edctimas del conflicto armado<\/strong><\/li>\n<li>Impulsar estrategias jur\u00eddicas para acelerar los procesos de\u00a0<strong class=\"highlight--bold\">restituci\u00f3n de tierras<\/strong><\/li>\n<li>Eliminar la dependencia macroecon\u00f3mica del Estado de las\u00a0<strong class=\"highlight--bold\">rentas de la coca\u00edna<\/strong><\/li>\n<li>Eliminar la dependencia de la poblaci\u00f3n rural de los capitales de la coca\u00edna mediante la sustituci\u00f3n<\/li>\n<li>Investigar los usos ben\u00e9ficos que pueden tener los productos derivados del cannabis y la hoja de coca<\/li>\n<li style=\"text-align: left;\">Desmantelar de manera pac\u00edfica los\u00a0<strong class=\"highlight--bold\">grupos multicrimen<\/strong>, identificando financiadores, estructuras y vinculaci\u00f3n con el Estado<\/li>\n<\/ul>\n<h4 style=\"text-align: center;\"><strong>DERECHOS HUMANOS<\/strong><\/h4>\n<ul class=\"party-content__list\">\n<li>Las mujeres ocupar\u00e1n al menos el\u00a0<strong class=\"highlight--bold\">50% de todos los cargos p\u00fablicos<\/strong>\u00a0en todos los niveles y ramas del poder<\/li>\n<li>Crear un Ministerio de la Igualdad<\/li>\n<li>Integrar a las mujeres que trabajan en\u00a0<strong class=\"highlight--bold\">cuidados en el hogar<\/strong>\u00a0al sistema pensional<\/li>\n<li>Desarrollar un plan integral contra el\u00a0<strong class=\"highlight--bold\">feminicidio<\/strong><\/li>\n<li>Reglamentar la curul raizal en el Congreso, apoyo y protecci\u00f3n a los\u00a0<strong class=\"highlight--bold\">pueblos palenqueros y rrom<\/strong><\/li>\n<li>Ampliar los territorios colectivos de\u00a0<strong class=\"highlight--bold\">comunidades afrodescendientes y los territorios ind\u00edgenas<\/strong><\/li>\n<li>Garantizar los derechos a la diversidad de g\u00e9nero y orientaci\u00f3n sexual\u00a0<strong class=\"highlight--bold\">LGBTIQ+<\/strong>. Reconocer la uni\u00f3n de parejas del mismo sexo y sus derechos a la adopci\u00f3n y la seguridad social<\/li>\n<li>Soporte m\u00e9dico y psicosexual para el tr\u00e1nsito de g\u00e9nero con protocolos expl\u00edcitos y participaci\u00f3n de la poblaci\u00f3n trans<\/li>\n<li>Garantizar las condiciones para el ejercicio de la igualdad y la libertad de culto<\/li>\n<\/ul>\t\t\t\t\t\t\t\t<\/div>\n\t\t\t\t<\/div>\n\t\t\t\t\t<\/div>\n\t\t<\/div>\n\t\t\t\t\t<\/div>\n\t\t<\/section>\n\t\t\t\t<section class=\"elementor-section elementor-top-section elementor-element elementor-element-a616348 elementor-section-boxed elementor-section-height-default elementor-section-height-default\" data-id=\"a616348\" data-element_type=\"section\" data-e-type=\"section\">\n\t\t\t\t\t\t<div class=\"elementor-container elementor-column-gap-default\">\n\t\t\t\t\t<div class=\"elementor-column elementor-col-100 elementor-top-column elementor-element elementor-element-2b277ba\" data-id=\"2b277ba\" data-element_type=\"column\" data-e-type=\"column\">\n\t\t\t<div class=\"elementor-widget-wrap elementor-element-populated\">\n\t\t\t\t\t\t<div class=\"elementor-element elementor-element-4938758 elementor-widget elementor-widget-spacer\" data-id=\"4938758\" data-element_type=\"widget\" data-e-type=\"widget\" data-widget_type=\"spacer.default\">\n\t\t\t\t<div class=\"elementor-widget-container\">\n\t\t\t\t\t\t\t<div class=\"elementor-spacer\">\n\t\t\t<div class=\"elementor-spacer-inner\"><\/div>\n\t\t<\/div>\n\t\t\t\t\t\t<\/div>\n\t\t\t\t<\/div>\n\t\t\t\t\t<\/div>\n\t\t<\/div>\n\t\t\t\t\t<\/div>\n\t\t<\/section>\n\t\t\t\t<section class=\"elementor-section elementor-top-section elementor-element elementor-element-f1c82be elementor-section-boxed elementor-section-height-default elementor-section-height-default\" data-id=\"f1c82be\" data-element_type=\"section\" data-e-type=\"section\">\n\t\t\t\t\t\t<div class=\"elementor-container elementor-column-gap-default\">\n\t\t\t\t\t<div class=\"elementor-column elementor-col-50 elementor-top-column elementor-element elementor-element-3a5e6d5\" data-id=\"3a5e6d5\" data-element_type=\"column\" data-e-type=\"column\">\n\t\t\t<div class=\"elementor-widget-wrap elementor-element-populated\">\n\t\t\t\t\t\t<div class=\"elementor-element elementor-element-bd46ed1 elementor-widget elementor-widget-image\" data-id=\"bd46ed1\" data-element_type=\"widget\" data-e-type=\"widget\" data-widget_type=\"image.default\">\n\t\t\t\t<div class=\"elementor-widget-container\">\n\t\t\t\t\t\t\t\t\t\t\t\t<figure class=\"wp-caption\">\n\t\t\t\t\t\t\t\t\t\t<img decoding=\"async\" width=\"300\" height=\"168\" src=\"https:\/\/revistacongresodigital.com\/wp-content\/uploads\/2022\/04\/ELLA-300x168.jpg\" class=\"attachment-medium size-medium wp-image-1041\" alt=\"\" srcset=\"https:\/\/revistacongresodigital.com\/wp-content\/uploads\/2022\/04\/ELLA-300x168.jpg 300w, https:\/\/revistacongresodigital.com\/wp-content\/uploads\/2022\/04\/ELLA-1024x574.jpg 1024w, https:\/\/revistacongresodigital.com\/wp-content\/uploads\/2022\/04\/ELLA-768x430.jpg 768w, https:\/\/revistacongresodigital.com\/wp-content\/uploads\/2022\/04\/ELLA.jpg 1080w\" sizes=\"(max-width: 300px) 100vw, 300px\" \/>\t\t\t\t\t\t\t\t\t\t\t<figcaption class=\"widget-image-caption wp-caption-text\">FORMULA PRESIDENCIAL LIGA<\/figcaption>\n\t\t\t\t\t\t\t\t\t\t<\/figure>\n\t\t\t\t\t\t\t\t\t<\/div>\n\t\t\t\t<\/div>\n\t\t\t\t<div class=\"elementor-element elementor-element-ed69e4a elementor-widget elementor-widget-text-editor\" data-id=\"ed69e4a\" data-element_type=\"widget\" data-e-type=\"widget\" data-widget_type=\"text-editor.default\">\n\t\t\t\t<div class=\"elementor-widget-container\">\n\t\t\t\t\t\t\t\t\t<h4 style=\"text-align: center;\"><strong>EDUCACION<\/strong><\/h4>\n<ul class=\"party-content__list\">\n<li>Ampliar la cobertura del programa de atenci\u00f3n a la\u00a0<strong class=\"highlight--bold\">primera infancia<\/strong>\u00a0(0 a 6 a\u00f1os) al 100% del pa\u00eds<\/li>\n<li>Erradicar el trabajo infantil en todas sus formas<\/li>\n<li>Trabajar para llevar la\u00a0<strong class=\"highlight--bold\">deserci\u00f3n escolar<\/strong>\u00a0al 0%, estableciendo la jornada \u00fanica en los colegios p\u00fablicos, con alimentaci\u00f3n y transporte garantizados<\/li>\n<li>Impulsar la educaci\u00f3n media vocacional para ense\u00f1ar oficios muy solicitados y de alta demanda<\/li>\n<li>Incrementar los cupos de ingreso a las\u00a0<strong class=\"highlight--bold\">universidades p\u00fablicas<\/strong><\/li>\n<li>Darle a los estudiantes la posibilidad de cursar el primer semestre y que ese sea en pr\u00e1ctica el examen de ingreso<\/li>\n<li>Otorgar subsidios directos a quienes vivan a m\u00e1s de 50km de las universidades<\/li>\n<li>Condonar progresivamente las deudas de los estudiantes<\/li>\n<li>Cubrir la educaci\u00f3n superior al 100% y convertir al\u00a0<strong class=\"highlight--bold\">ICETEX<\/strong>\u00a0en una entidad que financia con bajos intereses s\u00f3lo a las personas que estudian en el exterior<\/li>\n<\/ul>\n<h4 style=\"text-align: center;\"><strong>SALUD<\/strong><\/h4>\n<ul class=\"party-content__list\">\n<li>Dar atenci\u00f3n a\u00a0<strong class=\"highlight--bold\">toda la poblaci\u00f3n<\/strong>, sin importar el r\u00e9gimen al que pertenezca<\/li>\n<li>Garantizar el pago oportuno a los prestadores del servicio de salud<\/li>\n<li>Dise\u00f1ar un modelo de control de precios a todos los procesos de prestaci\u00f3n de servicios de salud<\/li>\n<li>Construir una base de datos sobre el valor real de los medicamentos con referencia a los indicadores internacionales<\/li>\n<li>Estimular la\u00a0<strong class=\"highlight--bold\">industria nacional de medicamentos<\/strong>\u00a0para abaratar los costos<\/li>\n<li>Recuperar la producci\u00f3n de vacunas para enfrentar emergencias sanitarias como la del covid-19<\/li>\n<li>Desarrollar un censo de adictos a sustancias alucin\u00f3genas, crear centros de atenci\u00f3n integral a adictos<\/li>\n<li>Poner en marcha un plan que reduzca los\u00a0<strong class=\"highlight--bold\">embarazos en adolescentes<\/strong><\/li>\n<li>En su cuenta de Twitter afirm\u00f3 que \u201capoya el derecho al\u00a0<strong class=\"highlight--bold\">aborto<\/strong>\u00a0bajo las condiciones estipuladas\u201d<\/li>\n<\/ul>\t\t\t\t\t\t\t\t<\/div>\n\t\t\t\t<\/div>\n\t\t\t\t\t<\/div>\n\t\t<\/div>\n\t\t\t\t<div class=\"elementor-column elementor-col-50 elementor-top-column elementor-element elementor-element-23a491d\" data-id=\"23a491d\" data-element_type=\"column\" data-e-type=\"column\">\n\t\t\t<div class=\"elementor-widget-wrap elementor-element-populated\">\n\t\t\t\t\t\t<div class=\"elementor-element elementor-element-2892fe3 elementor-widget elementor-widget-text-editor\" data-id=\"2892fe3\" data-element_type=\"widget\" data-e-type=\"widget\" data-widget_type=\"text-editor.default\">\n\t\t\t\t<div class=\"elementor-widget-container\">\n\t\t\t\t\t\t\t\t\t<h4 style=\"text-align: center;\"><strong>SEGURIDAD Y CONFLICTO<\/strong><\/h4>\n<ul>\n<li>Conformar equipos dentro de las\u00a0<strong class=\"highlight--bold\">fuerzas armadas<\/strong>\u00a0contra la deforestaci\u00f3n, el desplazamiento, la caza y miner\u00eda ilegal, la contaminaci\u00f3n de los r\u00edos<\/li>\n<li>Mejorar los sueldos y beneficios de las fuerzas armadas. Modernizar el equipo militar<\/li>\n<li>Fortalecer la imagen institucional de las fuerzas armadas e impulsar la formaci\u00f3n en derechos humanos<\/li>\n<li>Revisar y depurar la\u00a0<strong class=\"highlight--bold\">polic\u00eda<\/strong>\u00a0de manera que recupere la confianza ciudadana y se minimicen los abusos de autoridad<\/li>\n<li>Relocalizar\u00a0<strong class=\"highlight--bold\">c\u00e1rceles<\/strong>\u00a0hacia lugares donde puedan desarrollarse actividades agropecuarias e industriales<\/li>\n<li>Cero tolerancia con la criminalidad, sin trato preferencial en la c\u00e1rcel<\/li>\n<li>Cumplir con el cronograma del\u00a0<strong class=\"highlight--bold\">acuerdo de paz<\/strong>\u00a0con las FARC<\/li>\n<li>Hacer cumplir las reglas de la\u00a0<strong class=\"highlight--bold\">restituci\u00f3n de tierras<\/strong><\/li>\n<li>Brindar a los\u00a0<strong class=\"highlight--bold\">reincorporados<\/strong>\u00a0el trato m\u00e1s digno, asegurando que la fuerza p\u00fablica defienda a los firmantes<\/li>\n<li>Abrir un proceso de acercamiento del\u00a0<strong class=\"highlight--bold\">ELN<\/strong>\u00a0al acuerdo de paz firmado con las FARC<\/li>\n<li>Generar garant\u00edas que permitan la aplicaci\u00f3n de la Jurisdicci\u00f3n Especial para la Paz (JEP)<\/li>\n<\/ul>\n<h4 style=\"text-align: center;\"><strong>DERECHOS HUMANOS<\/strong><\/h4>\n<ul class=\"party-content__list\">\n<li>Que por lo menos\u00a0<strong class=\"highlight--bold\">el 50% de los cargos<\/strong>\u00a0dentro de la administraci\u00f3n p\u00fablica sea asignado a mujeres, con igualdad salarial<\/li>\n<li>Al menos el 50% del gabinete ser\u00e1 ocupado por mujeres<\/li>\n<li>Desarrollar estrategias de flexibilizaci\u00f3n laboral, como teletrabajo y jornada continua, para permitir el trabajo de la\u00a0<strong class=\"highlight--bold\">mujer cabeza de familia<\/strong><\/li>\n<li>Definir estrategias en torno al trabajo dom\u00e9stico y cuidados no remunerados que le permita espacios laborales a la mujer<\/li>\n<li>Poner en marcha una pol\u00edtica p\u00fablica de prevenci\u00f3n de la\u00a0<strong class=\"highlight--bold\">violencia contra la mujer<\/strong>\u00a0que combata la impunidad<\/li>\n<li>Ampliar la cobertura de los centros de acogida<\/li>\n<li>Garantizar la consulta previa y participaci\u00f3n de\u00a0<strong class=\"highlight--bold\">comunidades ind\u00edgenas, negritudes, afros, raizales, palenqueros y romm<\/strong>\u00a0en proyectos que se pretendan realizar en su territorio<\/li>\n<li>Incluir en los procesos de acci\u00f3n del gobierno nacional objetivos que nazcan de los grupos \u00e9tnicos<\/li>\n<li>Hacer efectivas acciones afirmativas para la garant\u00eda del ejercicio de los derechos\u00a0<strong class=\"highlight--bold\">LGBT+<\/strong><\/li>\n<li>Crear espacios de di\u00e1logo con la comunidad LGBT+<\/li>\n<\/ul>\t\t\t\t\t\t\t\t<\/div>\n\t\t\t\t<\/div>\n\t\t\t\t\t<\/div>\n\t\t<\/div>\n\t\t\t\t\t<\/div>\n\t\t<\/section>\n\t\t\t\t<section class=\"elementor-section elementor-top-section elementor-element elementor-element-d13d7d6 elementor-section-boxed elementor-section-height-default elementor-section-height-default\" data-id=\"d13d7d6\" data-element_type=\"section\" data-e-type=\"section\">\n\t\t\t\t\t\t<div class=\"elementor-container elementor-column-gap-default\">\n\t\t\t\t\t<div class=\"elementor-column elementor-col-100 elementor-top-column elementor-element elementor-element-781e5f9\" data-id=\"781e5f9\" data-element_type=\"column\" data-e-type=\"column\">\n\t\t\t<div class=\"elementor-widget-wrap elementor-element-populated\">\n\t\t\t\t\t\t<div class=\"elementor-element elementor-element-9fc72c6 elementor-widget elementor-widget-spacer\" data-id=\"9fc72c6\" data-element_type=\"widget\" data-e-type=\"widget\" data-widget_type=\"spacer.default\">\n\t\t\t\t<div class=\"elementor-widget-container\">\n\t\t\t\t\t\t\t<div class=\"elementor-spacer\">\n\t\t\t<div class=\"elementor-spacer-inner\"><\/div>\n\t\t<\/div>\n\t\t\t\t\t\t<\/div>\n\t\t\t\t<\/div>\n\t\t\t\t\t<\/div>\n\t\t<\/div>\n\t\t\t\t\t<\/div>\n\t\t<\/section>\n\t\t\t\t<section class=\"elementor-section elementor-top-section elementor-element elementor-element-988b523 elementor-section-boxed elementor-section-height-default elementor-section-height-default\" data-id=\"988b523\" data-element_type=\"section\" data-e-type=\"section\">\n\t\t\t\t\t\t<div class=\"elementor-container elementor-column-gap-default\">\n\t\t\t\t\t<div class=\"elementor-column elementor-col-100 elementor-top-column elementor-element elementor-element-2eda1767\" data-id=\"2eda1767\" data-element_type=\"column\" data-e-type=\"column\">\n\t\t\t<div class=\"elementor-widget-wrap elementor-element-populated\">\n\t\t\t\t\t\t<div class=\"elementor-element elementor-element-198fd6c1 elementor-widget elementor-widget-text-editor\" data-id=\"198fd6c1\" data-element_type=\"widget\" data-e-type=\"widget\" data-widget_type=\"text-editor.default\">\n\t\t\t\t<div class=\"elementor-widget-container\">\n\t\t\t\t\t\t\t\t\t\n<div class=\"wp-block-image is-style-rounded\">\n<figure class=\"aligncenter size-large\"><img decoding=\"async\" class=\"aligncenter wp-image-1023\" src=\"https:\/\/revistacongresodigital.com\/wp-content\/uploads\/2022\/04\/CCR54YSD5ZNXFDZ7O7VQFKKDRA-1024x576.jpg\" alt=\"\" width=\"850\" height=\"478\" \/><\/figure>\n<\/div>\n\n<div class=\"wp-block-image is-style-rounded\">\n<figure class=\"alignleft size-full is-resized\"><a href=\"https:\/\/revistacongresodigital.com\/?page_id=1243\/#PETRO\"><img loading=\"lazy\" decoding=\"async\" class=\"alignleft wp-image-1025\" src=\"https:\/\/revistacongresodigital.com\/wp-content\/uploads\/2022\/04\/whatsapp-image-2022-03-23-at-11-26-25_39681736_20220323112808.jpg\" alt=\"\" width=\"330\" height=\"239\" srcset=\"https:\/\/revistacongresodigital.com\/wp-content\/uploads\/2022\/04\/whatsapp-image-2022-03-23-at-11-26-25_39681736_20220323112808.jpg 780w, https:\/\/revistacongresodigital.com\/wp-content\/uploads\/2022\/04\/whatsapp-image-2022-03-23-at-11-26-25_39681736_20220323112808-300x217.jpg 300w, https:\/\/revistacongresodigital.com\/wp-content\/uploads\/2022\/04\/whatsapp-image-2022-03-23-at-11-26-25_39681736_20220323112808-768x556.jpg 768w\" sizes=\"(max-width: 330px) 100vw, 330px\" \/><\/a>\n<figcaption><strong>PACTO HISTORICO<\/strong><\/figcaption>\n<\/figure>\n<\/div>\n\n<div class=\"wp-block-image is-style-rounded\">\n<figure class=\"alignright size-large is-resized\"><a href=\"https:\/\/revistacongresodigital.com\/?page_id=1243\/#FICO\"><img loading=\"lazy\" decoding=\"async\" class=\"alignnone wp-image-1024\" src=\"https:\/\/revistacongresodigital.com\/wp-content\/uploads\/2022\/04\/3b9590d3-c5ec-4462-86aa-f64f5fd58bbf_1_0-1024x683.jpeg\" alt=\"\" width=\"350\" height=\"200\" \/><\/a>\n<figcaption><strong>EQUIPO POR COLOMBIA<\/strong><\/figcaption>\n<\/figure>\n<\/div>\n\n<div class=\"wp-block-image is-style-rounded\">\n<figure class=\"aligncenter size-full is-resized\"><a href=\"https:\/\/revistacongresodigital.com\/?page_id=1243\/#FAJARDO\"><img loading=\"lazy\" decoding=\"async\" class=\"alignnone wp-image-1028\" src=\"https:\/\/revistacongresodigital.com\/wp-content\/uploads\/2022\/04\/Luis-Gilberto-Murillo-y-Sergio-Fajardo-1000x616-c-default.jpg\" alt=\"\" width=\"350\" height=\"200\" \/><\/a>\n<figcaption><strong>CENTRO ESPERANZA<\/strong><\/figcaption>\n<\/figure>\n<\/div>\n\n<div class=\"wp-block-image is-style-rounded\">\n<figure class=\"alignright size-large is-resized\"><a href=\"https:\/\/revistacongresodigital.com\/?page_id=1243\/#INGRID\"><img loading=\"lazy\" decoding=\"async\" class=\"alignnone wp-image-1037\" src=\"https:\/\/revistacongresodigital.com\/wp-content\/uploads\/2022\/04\/BeFunky-collage-1-6-1-1024x597.jpg\" alt=\"\" width=\"350\" height=\"200\" \/><\/a>\n<figcaption><strong>CENTRO ESPERANZA<\/strong><\/figcaption>\n<\/figure>\n<\/div>\n\n<div class=\"wp-block-image is-style-rounded\">\n<figure class=\"alignleft size-large is-resized\"><a href=\"https:\/\/revistacongresodigital.com\/?page_id=1243\/#RODOLFO\"><img loading=\"lazy\" decoding=\"async\" class=\"alignnone wp-image-1041\" src=\"https:\/\/revistacongresodigital.com\/wp-content\/uploads\/2022\/04\/ELLA-1024x574.jpg\" alt=\"\" width=\"350\" height=\"200\" \/><\/a>\n<figcaption><strong>LIGA<\/strong><\/figcaption>\n<\/figure>\n<\/div>\n\n<div class=\"wp-block-image is-style-rounded\">\n<figure class=\"aligncenter size-full is-resized\"><a href=\"https:\/\/revistacongresodigital.com\/?page_id=1243\/#MILTON\"><img loading=\"lazy\" decoding=\"async\" class=\"alignnone wp-image-1042\" src=\"https:\/\/revistacongresodigital.com\/wp-content\/uploads\/2022\/04\/Captura-de-pantalla-2022-04-05-145303.png\" alt=\"\" width=\"350\" height=\"200\" \/><\/a>\n<figcaption>COLOMBIA JUSTA &#8211; LIBRES<\/figcaption>\n<\/figure>\n<\/div>\n\n<div class=\"wp-block-image is-style-rounded\">\n<figure class=\"alignleft size-full is-resized\"><a href=\"https:\/\/revistacongresodigital.com\/?page_id=1243\/#LUIS\"><img loading=\"lazy\" decoding=\"async\" class=\"alignnone wp-image-1054\" src=\"https:\/\/revistacongresodigital.com\/wp-content\/uploads\/2022\/04\/Captura-de-pantalla-2022-04-05-151804.png\" alt=\"\" width=\"350\" height=\"200\" \/><\/a>\n<figcaption>COLOMBIA PIENSA EN GRANDE<\/figcaption>\n<\/figure>\n<\/div>\n\n<div class=\"wp-block-image is-style-rounded\">\n<figure class=\"alignright size-full is-resized\"><a href=\"https:\/\/revistacongresodigital.com\/?page_id=1243\/#ENRIQUE\"><img loading=\"lazy\" decoding=\"async\" class=\"alignnone wp-image-1056\" src=\"https:\/\/revistacongresodigital.com\/wp-content\/uploads\/2022\/04\/Captura-de-pantalla-2022-04-05-152130.png\" alt=\"\" width=\"350\" height=\"200\" \/><\/a>\n<figcaption>SALVACION NACIONAL<\/figcaption>\n<\/figure>\n<\/div>\n\n<div class=\"wp-block-image is-style-rounded\">\n<figure class=\"aligncenter size-full is-resized\"><a href=\"https:\/\/revistacongresodigital.com\/?page_id=1243\/#GERMAN\"><img loading=\"lazy\" decoding=\"async\" class=\"alignnone wp-image-1067\" src=\"https:\/\/revistacongresodigital.com\/wp-content\/uploads\/2022\/04\/34HQNFIXUZFWXA7NVVTNMNJLVY.jpg\" alt=\"\" width=\"350\" height=\"200\" \/><\/a>\n<figcaption>CAMBIO RADICAL<\/figcaption>\n<\/figure>\n<\/div>\n\t\t\t\t\t\t\t\t<\/div>\n\t\t\t\t<\/div>\n\t\t\t\t\t<\/div>\n\t\t<\/div>\n\t\t\t\t\t<\/div>\n\t\t<\/section>\n\t\t\t\t<\/div>\n\t\t","protected":false},"excerpt":{"rendered":"<p>COLOMBIA DECIDE, EL PROXIMO 19 DE JUNIO Todas las elecciones son hist\u00f3ricas. Todas las elecciones buscan un cambio. Lo que vivir\u00e1 Colombia el pr\u00f3ximo&nbsp; domingo 19 de junio, en las&hellip; <\/p>\n","protected":false},"author":2,"featured_media":1023,"parent":377,"menu_order":0,"comment_status":"closed","ping_status":"closed","template":"","meta":{"footnotes":""},"class_list":["post-268","page","type-page","status-publish","has-post-thumbnail","hentry"],"yoast_head":"<!-- This site is optimized with the Yoast SEO plugin v27.3 - https:\/\/yoast.com\/product\/yoast-seo-wordpress\/ -->\n<title>ELECCIONES 2022 - Revista Congreso Digital<\/title>\n<meta name=\"robots\" content=\"index, follow, max-snippet:-1, max-image-preview:large, max-video-preview:-1\" \/>\n<link rel=\"canonical\" href=\"https:\/\/www.revistacongresodigital.com\/?page_id=268\" \/>\n<meta property=\"og:locale\" content=\"es_ES\" \/>\n<meta property=\"og:type\" content=\"article\" \/>\n<meta property=\"og:title\" content=\"ELECCIONES 2022 - Revista Congreso Digital\" \/>\n<meta property=\"og:description\" content=\"COLOMBIA DECIDE, EL PROXIMO 19 DE JUNIO Todas las elecciones son hist\u00f3ricas. Todas las elecciones buscan un cambio. Lo que vivir\u00e1 Colombia el pr\u00f3ximo&nbsp; domingo 19 de junio, en las&hellip;\" \/>\n<meta property=\"og:url\" content=\"https:\/\/www.revistacongresodigital.com\/?page_id=268\" \/>\n<meta property=\"og:site_name\" content=\"Revista Congreso Digital\" \/>\n<meta property=\"article:modified_time\" content=\"2022-06-26T15:27:40+00:00\" \/>\n<meta property=\"og:image\" content=\"https:\/\/www.revistacongresodigital.com\/wp-content\/uploads\/2022\/04\/CCR54YSD5ZNXFDZ7O7VQFKKDRA-e1649478863812.jpg\" \/>\n\t<meta property=\"og:image:width\" content=\"350\" \/>\n\t<meta property=\"og:image:height\" content=\"197\" \/>\n\t<meta property=\"og:image:type\" content=\"image\/jpeg\" \/>\n<meta name=\"twitter:card\" content=\"summary_large_image\" \/>\n<meta name=\"twitter:label1\" content=\"Tiempo de lectura\" \/>\n\t<meta name=\"twitter:data1\" content=\"9 minutos\" \/>\n<script type=\"application\/ld+json\" class=\"yoast-schema-graph\">{\"@context\":\"https:\\\/\\\/schema.org\",\"@graph\":[{\"@type\":\"WebPage\",\"@id\":\"https:\\\/\\\/www.revistacongresodigital.com\\\/?page_id=268\",\"url\":\"https:\\\/\\\/www.revistacongresodigital.com\\\/?page_id=268\",\"name\":\"ELECCIONES 2022 - Revista Congreso Digital\",\"isPartOf\":{\"@id\":\"https:\\\/\\\/www.revistacongresodigital.com\\\/#website\"},\"primaryImageOfPage\":{\"@id\":\"https:\\\/\\\/www.revistacongresodigital.com\\\/?page_id=268#primaryimage\"},\"image\":{\"@id\":\"https:\\\/\\\/www.revistacongresodigital.com\\\/?page_id=268#primaryimage\"},\"thumbnailUrl\":\"https:\\\/\\\/revistacongresodigital.com\\\/wp-content\\\/uploads\\\/2022\\\/04\\\/CCR54YSD5ZNXFDZ7O7VQFKKDRA-e1649478863812.jpg\",\"datePublished\":\"2022-03-26T08:13:30+00:00\",\"dateModified\":\"2022-06-26T15:27:40+00:00\",\"breadcrumb\":{\"@id\":\"https:\\\/\\\/www.revistacongresodigital.com\\\/?page_id=268#breadcrumb\"},\"inLanguage\":\"es\",\"potentialAction\":[{\"@type\":\"ReadAction\",\"target\":[\"https:\\\/\\\/www.revistacongresodigital.com\\\/?page_id=268\"]}]},{\"@type\":\"ImageObject\",\"inLanguage\":\"es\",\"@id\":\"https:\\\/\\\/www.revistacongresodigital.com\\\/?page_id=268#primaryimage\",\"url\":\"https:\\\/\\\/revistacongresodigital.com\\\/wp-content\\\/uploads\\\/2022\\\/04\\\/CCR54YSD5ZNXFDZ7O7VQFKKDRA-e1649478863812.jpg\",\"contentUrl\":\"https:\\\/\\\/revistacongresodigital.com\\\/wp-content\\\/uploads\\\/2022\\\/04\\\/CCR54YSD5ZNXFDZ7O7VQFKKDRA-e1649478863812.jpg\",\"width\":350,\"height\":197,\"caption\":\"ELECCIONES\"},{\"@type\":\"BreadcrumbList\",\"@id\":\"https:\\\/\\\/www.revistacongresodigital.com\\\/?page_id=268#breadcrumb\",\"itemListElement\":[{\"@type\":\"ListItem\",\"position\":1,\"name\":\"Portada\",\"item\":\"https:\\\/\\\/www.revistacongresodigital.com\\\/\"},{\"@type\":\"ListItem\",\"position\":2,\"name\":\"NOTICIAS\",\"item\":\"https:\\\/\\\/www.revistacongresodigital.com\\\/?page_id=377\"},{\"@type\":\"ListItem\",\"position\":3,\"name\":\"ELECCIONES 2022\"}]},{\"@type\":\"WebSite\",\"@id\":\"https:\\\/\\\/www.revistacongresodigital.com\\\/#website\",\"url\":\"https:\\\/\\\/www.revistacongresodigital.com\\\/\",\"name\":\"Revista Congreso Digital\",\"description\":\"Revista Congreso Digital\",\"publisher\":{\"@id\":\"https:\\\/\\\/www.revistacongresodigital.com\\\/#organization\"},\"potentialAction\":[{\"@type\":\"SearchAction\",\"target\":{\"@type\":\"EntryPoint\",\"urlTemplate\":\"https:\\\/\\\/www.revistacongresodigital.com\\\/?s={search_term_string}\"},\"query-input\":{\"@type\":\"PropertyValueSpecification\",\"valueRequired\":true,\"valueName\":\"search_term_string\"}}],\"inLanguage\":\"es\"},{\"@type\":\"Organization\",\"@id\":\"https:\\\/\\\/www.revistacongresodigital.com\\\/#organization\",\"name\":\"Revista Congreso Digital\",\"url\":\"https:\\\/\\\/www.revistacongresodigital.com\\\/\",\"logo\":{\"@type\":\"ImageObject\",\"inLanguage\":\"es\",\"@id\":\"https:\\\/\\\/www.revistacongresodigital.com\\\/#\\\/schema\\\/logo\\\/image\\\/\",\"url\":\"https:\\\/\\\/revistacongresodigital.com\\\/wp-content\\\/uploads\\\/2022\\\/03\\\/cropped-FIRMA-JP-e1648679804884.png\",\"contentUrl\":\"https:\\\/\\\/revistacongresodigital.com\\\/wp-content\\\/uploads\\\/2022\\\/03\\\/cropped-FIRMA-JP-e1648679804884.png\",\"width\":512,\"height\":512,\"caption\":\"Revista Congreso Digital\"},\"image\":{\"@id\":\"https:\\\/\\\/www.revistacongresodigital.com\\\/#\\\/schema\\\/logo\\\/image\\\/\"}}]}<\/script>\n<!-- \/ Yoast SEO plugin. -->","yoast_head_json":{"title":"ELECCIONES 2022 - Revista Congreso Digital","robots":{"index":"index","follow":"follow","max-snippet":"max-snippet:-1","max-image-preview":"max-image-preview:large","max-video-preview":"max-video-preview:-1"},"canonical":"https:\/\/www.revistacongresodigital.com\/?page_id=268","og_locale":"es_ES","og_type":"article","og_title":"ELECCIONES 2022 - Revista Congreso Digital","og_description":"COLOMBIA DECIDE, EL PROXIMO 19 DE JUNIO Todas las elecciones son hist\u00f3ricas. Todas las elecciones buscan un cambio. Lo que vivir\u00e1 Colombia el pr\u00f3ximo&nbsp; domingo 19 de junio, en las&hellip;","og_url":"https:\/\/www.revistacongresodigital.com\/?page_id=268","og_site_name":"Revista Congreso Digital","article_modified_time":"2022-06-26T15:27:40+00:00","og_image":[{"width":350,"height":197,"url":"https:\/\/www.revistacongresodigital.com\/wp-content\/uploads\/2022\/04\/CCR54YSD5ZNXFDZ7O7VQFKKDRA-e1649478863812.jpg","type":"image\/jpeg"}],"twitter_card":"summary_large_image","twitter_misc":{"Tiempo de lectura":"9 minutos"},"schema":{"@context":"https:\/\/schema.org","@graph":[{"@type":"WebPage","@id":"https:\/\/www.revistacongresodigital.com\/?page_id=268","url":"https:\/\/www.revistacongresodigital.com\/?page_id=268","name":"ELECCIONES 2022 - Revista Congreso Digital","isPartOf":{"@id":"https:\/\/www.revistacongresodigital.com\/#website"},"primaryImageOfPage":{"@id":"https:\/\/www.revistacongresodigital.com\/?page_id=268#primaryimage"},"image":{"@id":"https:\/\/www.revistacongresodigital.com\/?page_id=268#primaryimage"},"thumbnailUrl":"https:\/\/revistacongresodigital.com\/wp-content\/uploads\/2022\/04\/CCR54YSD5ZNXFDZ7O7VQFKKDRA-e1649478863812.jpg","datePublished":"2022-03-26T08:13:30+00:00","dateModified":"2022-06-26T15:27:40+00:00","breadcrumb":{"@id":"https:\/\/www.revistacongresodigital.com\/?page_id=268#breadcrumb"},"inLanguage":"es","potentialAction":[{"@type":"ReadAction","target":["https:\/\/www.revistacongresodigital.com\/?page_id=268"]}]},{"@type":"ImageObject","inLanguage":"es","@id":"https:\/\/www.revistacongresodigital.com\/?page_id=268#primaryimage","url":"https:\/\/revistacongresodigital.com\/wp-content\/uploads\/2022\/04\/CCR54YSD5ZNXFDZ7O7VQFKKDRA-e1649478863812.jpg","contentUrl":"https:\/\/revistacongresodigital.com\/wp-content\/uploads\/2022\/04\/CCR54YSD5ZNXFDZ7O7VQFKKDRA-e1649478863812.jpg","width":350,"height":197,"caption":"ELECCIONES"},{"@type":"BreadcrumbList","@id":"https:\/\/www.revistacongresodigital.com\/?page_id=268#breadcrumb","itemListElement":[{"@type":"ListItem","position":1,"name":"Portada","item":"https:\/\/www.revistacongresodigital.com\/"},{"@type":"ListItem","position":2,"name":"NOTICIAS","item":"https:\/\/www.revistacongresodigital.com\/?page_id=377"},{"@type":"ListItem","position":3,"name":"ELECCIONES 2022"}]},{"@type":"WebSite","@id":"https:\/\/www.revistacongresodigital.com\/#website","url":"https:\/\/www.revistacongresodigital.com\/","name":"Revista Congreso Digital","description":"Revista Congreso Digital","publisher":{"@id":"https:\/\/www.revistacongresodigital.com\/#organization"},"potentialAction":[{"@type":"SearchAction","target":{"@type":"EntryPoint","urlTemplate":"https:\/\/www.revistacongresodigital.com\/?s={search_term_string}"},"query-input":{"@type":"PropertyValueSpecification","valueRequired":true,"valueName":"search_term_string"}}],"inLanguage":"es"},{"@type":"Organization","@id":"https:\/\/www.revistacongresodigital.com\/#organization","name":"Revista Congreso Digital","url":"https:\/\/www.revistacongresodigital.com\/","logo":{"@type":"ImageObject","inLanguage":"es","@id":"https:\/\/www.revistacongresodigital.com\/#\/schema\/logo\/image\/","url":"https:\/\/revistacongresodigital.com\/wp-content\/uploads\/2022\/03\/cropped-FIRMA-JP-e1648679804884.png","contentUrl":"https:\/\/revistacongresodigital.com\/wp-content\/uploads\/2022\/03\/cropped-FIRMA-JP-e1648679804884.png","width":512,"height":512,"caption":"Revista Congreso Digital"},"image":{"@id":"https:\/\/www.revistacongresodigital.com\/#\/schema\/logo\/image\/"}}]}},"_links":{"self":[{"href":"https:\/\/revistacongresodigital.com\/index.php?rest_route=\/wp\/v2\/pages\/268","targetHints":{"allow":["GET"]}}],"collection":[{"href":"https:\/\/revistacongresodigital.com\/index.php?rest_route=\/wp\/v2\/pages"}],"about":[{"href":"https:\/\/revistacongresodigital.com\/index.php?rest_route=\/wp\/v2\/types\/page"}],"author":[{"embeddable":true,"href":"https:\/\/revistacongresodigital.com\/index.php?rest_route=\/wp\/v2\/users\/2"}],"replies":[{"embeddable":true,"href":"https:\/\/revistacongresodigital.com\/index.php?rest_route=%2Fwp%2Fv2%2Fcomments&post=268"}],"version-history":[{"count":142,"href":"https:\/\/revistacongresodigital.com\/index.php?rest_route=\/wp\/v2\/pages\/268\/revisions"}],"predecessor-version":[{"id":2062,"href":"https:\/\/revistacongresodigital.com\/index.php?rest_route=\/wp\/v2\/pages\/268\/revisions\/2062"}],"up":[{"embeddable":true,"href":"https:\/\/revistacongresodigital.com\/index.php?rest_route=\/wp\/v2\/pages\/377"}],"wp:featuredmedia":[{"embeddable":true,"href":"https:\/\/revistacongresodigital.com\/index.php?rest_route=\/wp\/v2\/media\/1023"}],"wp:attachment":[{"href":"https:\/\/revistacongresodigital.com\/index.php?rest_route=%2Fwp%2Fv2%2Fmedia&parent=268"}],"curies":[{"name":"wp","href":"https:\/\/api.w.org\/{rel}","templated":true}]}}